{"id":413,"date":"2025-07-28T15:21:24","date_gmt":"2025-07-28T13:21:24","guid":{"rendered":"https:\/\/sticsa.com\/?page_id=413"},"modified":"2025-07-31T10:42:10","modified_gmt":"2025-07-31T08:42:10","slug":"politica-de-privacitat","status":"publish","type":"page","link":"https:\/\/sticsa.com\/ca\/politica-de-privacitat\/","title":{"rendered":"Pol\u00edtica de privacitat"},"content":{"rendered":"\n<p>Aquesta pol\u00edtica de privacitat explica com la web de <strong>Sticsa <\/strong><strong>&nbsp;<\/strong>aplica i compleix la normativa de protecci\u00f3 de dades personals que li aplica, d\u2019acord amb la normativa seg\u00fcent:<\/p>\n\n\n\n<ul class=\"wp-block-list\">\n<li>Reglament 2016\/679 del Parlament Europeu i del Consell, de 27 d&#8217;abril de 2016, Reglament General de Protecci\u00f3 de Dades (en endavant RGDP)<\/li>\n\n\n\n<li>Llei org\u00e0nica 3\/2018, de 5 de de desembre, de protecci\u00f3 de dades personals i garantia dels drets digitals (en endavant LOPD-GDD) i la normativa que es derivi<\/li>\n<\/ul>\n\n\n\n<p>Has de saber que el <strong>responsable del tractament <\/strong>de les dades personals \u00e9s <strong>Sticsa <\/strong><em>&nbsp;<\/em>i pots contactar-hi en el correu electr\u00f2nic <a href=\"mailto:info@sticsa.com\">info@sticsa.com<\/a>&nbsp;&nbsp;<\/p>\n\n\n\n<p>Per les dades personals que tracta,no t\u00e9 obligaci\u00f3 de disposar de Delegat o Delegada de Protecci\u00f3 de Dades Personals.<\/p>\n\n\n\n<h2 class=\"wp-block-heading\"><strong>Com tractem les dades personals?<\/strong><\/h2>\n\n\n\n<p>Informem als usuaris que <strong>Sticsa fem els seg\u00fcents tractaments de dades personals a trav\u00e9s de la web<\/strong>, amb quina finalitat ho fem i la base legal per fer-ho.<\/p>\n\n\n\n<ul class=\"wp-block-list\">\n<li>Formulari de contacte i correu electr\u00f2nic. Et facilitem el nostre correu electr\u00f2nic i el formulari de contacte per a que et posis en contacte amb nosaltres amb la finalitat de respondre a les teves consultes.&nbsp; Podem fer aquest tractament en base a l\u2019inter\u00e8s leg\u00edtim per atendre&nbsp; a qui es posa en contacte amb nosaltres (article 6.1.f del RGPD).&nbsp;<\/li>\n\n\n\n<li>Exercici de drets. Tractarem el teu correu si exerceixes els teus drets amb la finalitat de gestionar l\u2019exercici dels drets associats a les dades personals. Podem fer aquest tractament en base a l\u2019inter\u00e8s leg\u00edtim per complir amb una sol\u00b7licitud amb base legal (article 6.1.f del RGPD).&nbsp;<\/li>\n<\/ul>\n\n\n\n<h2 class=\"wp-block-heading\"><strong>Principals caracter\u00edstiques d\u2019aquests tractaments<\/strong><\/h2>\n\n\n\n<p>Et volem explicar les principals caracter\u00edstiques dels tractaments de dades personals que fem.<\/p>\n\n\n\n<ul class=\"wp-block-list\">\n<li>Si cal que donis el teu consentiment, has de saber que sempre el pots retirar en qualsevol moment. Aix\u00f2 no afecta al tractament de les teves dades que haguem fet abans de la seva retirada.<\/li>\n\n\n\n<li>En aquests tractaments no hi ha dades de categoria especial.<\/li>\n\n\n\n<li>No apliquem decisions automatitzades.&nbsp;<\/li>\n\n\n\n<li>En cada lloc on recollim dades personals hem posat un text breu informatiu del tractament, que s\u2019anomena primera capa.<\/li>\n\n\n\n<li>Guardarem les dades personals mentre duri la relaci\u00f3 professional i, posteriorment, el temps previst per la normativa d\u2019aplicaci\u00f3. Per exemple, les dades s\u2019han de guardar un temps legal concret per les reclamacions que puguin haver, per temes fiscals i comptables o la prevenci\u00f3 de blanqueig de capitals.<\/li>\n<\/ul>\n\n\n\n<h2 class=\"wp-block-heading\"><strong>Quines dades personals enviem a altres organitzacions?<\/strong><\/h2>\n\n\n\n<p>Les dades personals recollides per <strong>Sticsa <\/strong>en la web poden cedir-se a altres organitzacions com administracions, empreses o entitats. A continuaci\u00f3 et detallem quines s\u00f3n:<\/p>\n\n\n\n<ul class=\"wp-block-list\">\n<li>Administracions per complir amb les obligacions legals<\/li>\n<\/ul>\n\n\n\n<p>La infraestructura tecnol\u00f2gica associada a la web s\u2019ha estructurat de la seg\u00fcent forma.&nbsp;<\/p>\n\n\n\n<ul class=\"wp-block-list\">\n<li>La web est\u00e0 hostatjada en el prove\u00efdor <a href=\"https:\/\/raiolanetworks.com\/\" target=\"_blank\" rel=\"noreferrer noopener\">Raiola Networks<\/a>. No hi ha transferencia internacional de dades perqu\u00e8 tenen els servidors a la Uni\u00f3 Europea (veure la seva <a href=\"https:\/\/raiolanetworks.com\/politica-de-privacidad\/\" target=\"_blank\" rel=\"noreferrer noopener\">pol\u00edtica privacitat<\/a>).<\/li>\n\n\n\n<li>El correu electr\u00f2nic es gestiona a trav\u00e9s de  <a href=\"https:\/\/raiolanetworks.com\/\" target=\"_blank\" rel=\"noreferrer noopener\">Raiola Networks<\/a>. No hi ha transferencia internacional de dades perqu\u00e8 tenen els servidors a la Uni\u00f3 Europea (veure la seva <a href=\"https:\/\/raiolanetworks.com\/politica-de-privacidad\/\" target=\"_blank\" rel=\"noreferrer noopener\">pol\u00edtica privacitat<\/a>).<\/li>\n<\/ul>\n\n\n\n<h2 class=\"wp-block-heading\"><strong>Transfer\u00e8ncia Internacional de dades&nbsp;<\/strong><\/h2>\n\n\n\n<p>T\u2019informem que<strong> directament no realitzem<\/strong> transfer\u00e8ncies de dades a un tercer pa\u00eds o a una organitzaci\u00f3 internacional fora de la Uni\u00f3 Europea.<\/p>\n\n\n\n<h2 class=\"wp-block-heading\"><strong>Tens drets respecte les teves dades personals<\/strong><\/h2>\n\n\n\n<p>Et recordem que pots exercir els seus drets sobre les dades personals que tracta el <strong>Sticsa <\/strong>:<\/p>\n\n\n\n<ul class=\"wp-block-list\">\n<li>Tens dret a obtenir confirmaci\u00f3 sobre si tractem dades personals teves .&nbsp;<\/li>\n\n\n\n<li>Tens dret a accedir a les teves dades personals, aix\u00ed com a sol\u00b7licitar la rectificaci\u00f3 de les dades inexactes o, si escau, sol\u00b7licitar-ne la supressi\u00f3, entre altres motius, quan les dades ja no siguin necess\u00e0ries per a les finalitats per a les quals es van recollir.&nbsp;<\/li>\n\n\n\n<li>Tens dret a limitar el tractament de les seves dades. En aquest cas, \u00fanicament les conservarem per exercir o defensar possibles reclamacions.&nbsp;<\/li>\n\n\n\n<li>Tens dret a la portabilitat de les teves dades personals, \u00e9s a dir, obtenir les seves dades personals en un format estructurat d&#8217;\u00fas com\u00fa i lectura mec\u00e0nica i a transmetre&#8217;ls a un altre responsable, si \u00e9s aplicable.<\/li>\n\n\n\n<li>Tens dret a retirar el consentiment en qualsevol moment<\/li>\n\n\n\n<li>Saber si la comunicaci\u00f3 de dades \u00e9s un requisit legal o contractual o un requisit necessari per subscriure un contracte, i si est\u00e0s (tu com a interessat) obligat a facilitar les dades i les conseq\u00fc\u00e8ncies de no fer-ho.<\/li>\n<\/ul>\n\n\n\n<p><strong>Pots exercir els teus drets<\/strong> enviant un correu electr\u00f2nic a l\u2019adre\u00e7a <a href=\"mailto:info@sticsa.com\">info@sticsa.com<\/a> on expliques la consulta i el teu&nbsp; nom i cognoms. Ens reservem la possibilitat de demanar algun mecanisme de verificaci\u00f3 de la teva identitat.&nbsp;<br>Si consideres que els teus drets no s\u2019han at\u00e8s adequadament, <strong>tens dret a presentar una reclamaci\u00f3<\/strong> davant l&#8217;Ag\u00e8ncia Espanyola de Protecci\u00f3 de Dades, AEPD, <a href=\"http:\/\/www.aepd.es\" target=\"_blank\" rel=\"noreferrer noopener\">www.aepd.es<\/a><\/p>\n","protected":false},"excerpt":{"rendered":"<p>Aquesta pol\u00edtica de privacitat explica com la web de Sticsa &nbsp;aplica i compleix la normativa de protecci\u00f3 de dades personals que li aplica, d\u2019acord amb la normativa seg\u00fcent: Has de saber que el responsable del tractament de les dades personals \u00e9s Sticsa &nbsp;i pots contactar-hi en el correu electr\u00f2nic info@sticsa.com&nbsp;&nbsp; Per les dades personals que [&hellip;]<\/p>\n","protected":false},"author":1,"featured_media":0,"parent":0,"menu_order":0,"comment_status":"closed","ping_status":"open","template":"","meta":{"_genesis_hide_title":false,"_genesis_hide_breadcrumbs":false,"_genesis_hide_singular_image":false,"_genesis_hide_footer_widgets":false,"_genesis_custom_body_class":"","_genesis_custom_post_class":"","_genesis_layout":"","footnotes":""},"class_list":{"0":"post-413","1":"page","2":"type-page","3":"status-publish","5":"entry"},"_links":{"self":[{"href":"https:\/\/sticsa.com\/ca\/wp-json\/wp\/v2\/pages\/413","targetHints":{"allow":["GET"]}}],"collection":[{"href":"https:\/\/sticsa.com\/ca\/wp-json\/wp\/v2\/pages"}],"about":[{"href":"https:\/\/sticsa.com\/ca\/wp-json\/wp\/v2\/types\/page"}],"author":[{"embeddable":true,"href":"https:\/\/sticsa.com\/ca\/wp-json\/wp\/v2\/users\/1"}],"replies":[{"embeddable":true,"href":"https:\/\/sticsa.com\/ca\/wp-json\/wp\/v2\/comments?post=413"}],"version-history":[{"count":1,"href":"https:\/\/sticsa.com\/ca\/wp-json\/wp\/v2\/pages\/413\/revisions"}],"predecessor-version":[{"id":414,"href":"https:\/\/sticsa.com\/ca\/wp-json\/wp\/v2\/pages\/413\/revisions\/414"}],"wp:attachment":[{"href":"https:\/\/sticsa.com\/ca\/wp-json\/wp\/v2\/media?parent=413"}],"curies":[{"name":"wp","href":"https:\/\/api.w.org\/{rel}","templated":true}]}}